{"id":1868,"date":"2020-12-17T15:42:42","date_gmt":"2020-12-17T14:42:42","guid":{"rendered":"http:\/\/cdad83.fr\/?page_id=1868"},"modified":"2021-06-02T16:30:16","modified_gmt":"2021-06-02T14:30:16","slug":"cine-justice","status":"publish","type":"page","link":"https:\/\/cdad83.fr\/index.php\/cine-justice\/","title":{"rendered":"Cin\u00e9 Justice"},"content":{"rendered":"<p>Les actions \u00ab\u00a0Cin\u00e9 Justice\u00a0\u00bb ont pour objectif de sensibiliser les personnes \u00e0 la justice mais surtout sur leurs droits et devoirs \u00e0 travers la projection d&rsquo;un film. Cette s\u00e9ance se poursuit apr\u00e8s avec un d\u00e9bat avec des professionnels afin de permettre un dialogue sur la justice.<\/p>\n<p>Le Conseil d\u00e9partemental de l&rsquo;acc\u00e8s au droit du Var se mobilise pour permettre, prochainement, une projection du film \u00ab\u00a0Rendre la Justice\u00a0\u00bb de Robert Salis.<\/p>\n<p>L\u2019objectif de cette projection est de sensibiliser le public sur l\u2019humanit\u00e9 qui se cache derri\u00e8re l\u2019ombre de la grande machine judiciaire. Sous les peines, les condamnations et les positions discutables vis-\u00e0-vis de l\u2019opinion publique, se cachent des personnes qui appliquent la justice mais qui ont un regard humain sur le droit.<\/p>\n<p>La projection se fera en compagnie de son r\u00e9alisateur.<\/p>\n<p><a href=\"https:\/\/cdad83.fr\/wp-content\/uploads\/2020\/12\/5804205.jpg\"><img fetchpriority=\"high\" decoding=\"async\" src=\"https:\/\/cdad83.fr\/wp-content\/uploads\/2020\/12\/5804205.jpg\" alt=\"\" height=\"1600\" width=\"1096\"><\/a><\/p>\n","protected":false},"excerpt":{"rendered":"<p>Les actions \u00ab\u00a0Cin\u00e9 Justice\u00a0\u00bb ont pour objectif de sensibiliser les personnes \u00e0 la justice mais surtout sur leurs droits et devoirs \u00e0 travers la projection d&rsquo;un film. Cette s\u00e9ance se poursuit apr\u00e8s avec un d\u00e9bat avec des professionnels afin de permettre un dialogue sur la justice. Le Conseil d\u00e9partemental de l&rsquo;acc\u00e8s au droit du Var se mobilise pour permettre, prochainement, une projection du film \u00ab\u00a0Rendre la Justice\u00a0\u00bb de Robert Salis. L\u2019objectif de cette projection est de sensibiliser le public sur l\u2019humanit\u00e9 qui se cache derri\u00e8re l\u2019ombre de la grande machine judiciaire. Sous les peines, les condamnations et les positions discutables vis-\u00e0-vis de l\u2019opinion publique, se cachent des personnes qui appliquent la justice mais qui ont un regard humain sur le droit. La projection se fera en compagnie de son r\u00e9alisateur.<\/p>\n","protected":false},"author":3,"featured_media":0,"parent":0,"menu_order":0,"comment_status":"closed","ping_status":"closed","template":"","meta":{"_monsterinsights_skip_tracking":false,"_monsterinsights_sitenote_active":false,"_monsterinsights_sitenote_note":"","_monsterinsights_sitenote_category":0,"footnotes":""},"class_list":["post-1868","page","type-page","status-publish","hentry"],"_links":{"self":[{"href":"https:\/\/cdad83.fr\/index.php\/wp-json\/wp\/v2\/pages\/1868","targetHints":{"allow":["GET"]}}],"collection":[{"href":"https:\/\/cdad83.fr\/index.php\/wp-json\/wp\/v2\/pages"}],"about":[{"href":"https:\/\/cdad83.fr\/index.php\/wp-json\/wp\/v2\/types\/page"}],"author":[{"embeddable":true,"href":"https:\/\/cdad83.fr\/index.php\/wp-json\/wp\/v2\/users\/3"}],"replies":[{"embeddable":true,"href":"https:\/\/cdad83.fr\/index.php\/wp-json\/wp\/v2\/comments?post=1868"}],"version-history":[{"count":0,"href":"https:\/\/cdad83.fr\/index.php\/wp-json\/wp\/v2\/pages\/1868\/revisions"}],"wp:attachment":[{"href":"https:\/\/cdad83.fr\/index.php\/wp-json\/wp\/v2\/media?parent=1868"}],"curies":[{"name":"wp","href":"https:\/\/api.w.org\/{rel}","templated":true}]}}