{"id":3589,"date":"2021-06-14T11:30:16","date_gmt":"2021-06-14T09:30:16","guid":{"rendered":"https:\/\/cdad83.fr\/?page_id=3589"},"modified":"2021-06-17T11:48:39","modified_gmt":"2021-06-17T09:48:39","slug":"actions-de-sensibilisation-au-harcelement-scolaire-college-jean-lherminier","status":"publish","type":"page","link":"https:\/\/cdad83.fr\/index.php\/actions-de-sensibilisation-au-harcelement-scolaire-college-jean-lherminier\/","title":{"rendered":"Actions de sensibilisation au harc\u00e8lement scolaire &#8211; Coll\u00e8ge Jean l&rsquo;Herminier mars 2021"},"content":{"rendered":"<p>Les 19, 23 et 26 mars 2021, le Conseil d\u00e9partemental de l\u2019acc\u00e8s au droit du Var a coordonn\u00e9 plusieurs interventions au sein du <strong>coll\u00e8ge Jean l\u2019Herminier<\/strong>, sur le ressort de la Seyne-sur-Mer. Ces actions visaient \u00e0 sensibiliser les coll\u00e9giens au harc\u00e8lement scolaire.<\/p>\n<p>Les objectifs poursuivis, dans le cadre de ces interventions, \u00e9taient d\u2019identifier, de r\u00e9agir et de communiquer sur le ph\u00e9nom\u00e8ne du harc\u00e8lement scolaire. En effet, celui-ci est d\u00e9fini <strong>\u00ab comme une violence r\u00e9p\u00e9t\u00e9e qui peut \u00eatre verbale physique ou psychologique \u00bb<\/strong>.<\/p>\n<p>Ces interventions ont \u00e9galement permis d\u2019aborder des sujets connexes, tels que le cyberharc\u00e8lement ou le \u00ab revenge porn \u00bb, ainsi que des th\u00e9matiques en lien avec ces ph\u00e9nom\u00e8nes extr\u00eamement violents pour les victimes.<\/p>\n<p>Les actions \u00e9taient anim\u00e9es par quatre intervenants du monde judiciaire et de la jeunesse :<br \/>&#8211; Un d\u00e9l\u00e9gu\u00e9 du Procureur de la R\u00e9publique ;<br \/>&#8211; Un membre de l\u2019\u00e9quipe mobile acad\u00e9mique de s\u00e9curit\u00e9 ;<br \/>&#8211; Un \u00e9ducateur de la protection judiciaire de la jeunesse ;<br \/>&#8211; Une avocate du Barreau de Toulon.<\/p>\n<p>Ces journ\u00e9es ont \u00e9t\u00e9 l\u2019occasion, pour les \u00e9l\u00e8ves, de mieux conna\u00eetre les professionnels, ainsi que leur fonction. Ces actions s\u2019inscrivent dans les missions du CDAD, concernant l\u2019am\u00e9lioration de l\u2019acc\u00e8s au droit dans le d\u00e9partement du Var.<\/p>\n<p>Vous pouvez retrouver les num\u00e9ros nationaux et d\u00e9partementaux d\u2019information et d\u2019aide \u00e0 la lutte contre le harc\u00e8lement scolaire en <a href=\"https:\/\/cdad83.fr\/index.php\/harcelement-scolaire\/\">cliquant ici<\/a>.<\/p>\n\n\n<figure class=\"wp-block-image size-large\"><img fetchpriority=\"high\" decoding=\"async\" width=\"1024\" height=\"576\" src=\"https:\/\/cdad83.fr\/wp-content\/uploads\/2021\/06\/20210323_135331-1024x576.jpg\" alt=\"\" class=\"wp-image-3593\" srcset=\"https:\/\/cdad83.fr\/wp-content\/uploads\/2021\/06\/20210323_135331-1024x576.jpg 1024w, https:\/\/cdad83.fr\/wp-content\/uploads\/2021\/06\/20210323_135331-300x169.jpg 300w, https:\/\/cdad83.fr\/wp-content\/uploads\/2021\/06\/20210323_135331-768x432.jpg 768w, https:\/\/cdad83.fr\/wp-content\/uploads\/2021\/06\/20210323_135331-1536x864.jpg 1536w, https:\/\/cdad83.fr\/wp-content\/uploads\/2021\/06\/20210323_135331-2048x1152.jpg 2048w, https:\/\/cdad83.fr\/wp-content\/uploads\/2021\/06\/20210323_135331-1140x641.jpg 1140w\" sizes=\"(max-width: 1024px) 100vw, 1024px\" \/><figcaption>Des classes de 4\u00e8me du coll\u00e8ge l&rsquo;Herminier assistant et participant \u00e0 des actions de sensibilisation au harc\u00e8lement scolaire.<\/figcaption><\/figure>\n","protected":false},"excerpt":{"rendered":"<p>Les 19, 23 et 26 mars 2021, le Conseil d\u00e9partemental de l\u2019acc\u00e8s au droit du Var a coordonn\u00e9 plusieurs interventions au sein du coll\u00e8ge Jean l\u2019Herminier, sur le ressort de la Seyne-sur-Mer. Ces actions visaient \u00e0 sensibiliser les coll\u00e9giens au harc\u00e8lement scolaire. Les objectifs poursuivis, dans le cadre de ces interventions, \u00e9taient d\u2019identifier, de r\u00e9agir et de communiquer sur le ph\u00e9nom\u00e8ne du harc\u00e8lement scolaire. En effet, celui-ci est d\u00e9fini \u00ab comme une violence r\u00e9p\u00e9t\u00e9e qui peut \u00eatre verbale physique ou psychologique \u00bb. Ces interventions ont \u00e9galement permis d\u2019aborder des sujets connexes, tels que le cyberharc\u00e8lement ou le \u00ab revenge porn \u00bb, ainsi que des th\u00e9matiques en lien avec ces ph\u00e9nom\u00e8nes extr\u00eamement violents pour les victimes. Les actions \u00e9taient anim\u00e9es par quatre intervenants du monde judiciaire et de la jeunesse :&#8211; Un d\u00e9l\u00e9gu\u00e9 du Procureur de la R\u00e9publique ;&#8211; Un membre de l\u2019\u00e9quipe mobile acad\u00e9mique de s\u00e9curit\u00e9 ;&#8211; Un \u00e9ducateur de la protection judiciaire de la jeunesse ;&#8211; Une avocate du Barreau de Toulon. Ces journ\u00e9es ont \u00e9t\u00e9 l\u2019occasion, pour les \u00e9l\u00e8ves, de mieux conna\u00eetre les professionnels, ainsi que leur fonction. Ces actions s\u2019inscrivent dans les missions du CDAD, concernant l\u2019am\u00e9lioration de l\u2019acc\u00e8s au droit dans le d\u00e9partement du Var. Vous pouvez retrouver les num\u00e9ros nationaux et d\u00e9partementaux d\u2019information et d\u2019aide \u00e0 la lutte contre le harc\u00e8lement scolaire en cliquant ici.<\/p>\n","protected":false},"author":3,"featured_media":0,"parent":0,"menu_order":0,"comment_status":"closed","ping_status":"closed","template":"","meta":{"_monsterinsights_skip_tracking":false,"_monsterinsights_sitenote_active":false,"_monsterinsights_sitenote_note":"","_monsterinsights_sitenote_category":0,"footnotes":""},"class_list":["post-3589","page","type-page","status-publish","hentry"],"_links":{"self":[{"href":"https:\/\/cdad83.fr\/index.php\/wp-json\/wp\/v2\/pages\/3589","targetHints":{"allow":["GET"]}}],"collection":[{"href":"https:\/\/cdad83.fr\/index.php\/wp-json\/wp\/v2\/pages"}],"about":[{"href":"https:\/\/cdad83.fr\/index.php\/wp-json\/wp\/v2\/types\/page"}],"author":[{"embeddable":true,"href":"https:\/\/cdad83.fr\/index.php\/wp-json\/wp\/v2\/users\/3"}],"replies":[{"embeddable":true,"href":"https:\/\/cdad83.fr\/index.php\/wp-json\/wp\/v2\/comments?post=3589"}],"version-history":[{"count":0,"href":"https:\/\/cdad83.fr\/index.php\/wp-json\/wp\/v2\/pages\/3589\/revisions"}],"wp:attachment":[{"href":"https:\/\/cdad83.fr\/index.php\/wp-json\/wp\/v2\/media?parent=3589"}],"curies":[{"name":"wp","href":"https:\/\/api.w.org\/{rel}","templated":true}]}}